{"id":4686,"date":"2024-07-01T07:58:48","date_gmt":"2024-07-01T07:58:48","guid":{"rendered":"https:\/\/www.fondazionemaddalenagrassi.it\/seveso\/"},"modified":"2024-10-09T21:08:09","modified_gmt":"2024-10-09T21:08:09","slug":"seveso","status":"publish","type":"page","link":"https:\/\/www.fondazionemaddalenagrassi.it\/es\/seveso\/","title":{"rendered":"Seveso"},"content":{"rendered":"\t\t<div data-elementor-type=\"wp-page\" data-elementor-id=\"4686\" class=\"elementor elementor-4686 elementor-1267\" data-elementor-post-type=\"page\">\n\t\t\t\t<div class=\"elementor-element elementor-element-1fea4e27 e-con-full e-flex e-con e-parent\" data-id=\"1fea4e27\" data-element_type=\"container\" data-e-type=\"container\" data-settings=\"{&quot;background_background&quot;:&quot;gradient&quot;}\">\n\t\t<div class=\"elementor-element elementor-element-7980efdd e-flex e-con-boxed e-con e-child\" data-id=\"7980efdd\" data-element_type=\"container\" data-e-type=\"container\" data-settings=\"{&quot;background_background&quot;:&quot;slideshow&quot;,&quot;background_slideshow_gallery&quot;:[{&quot;id&quot;:7598,&quot;url&quot;:&quot;https:\\\/\\\/www.fondazionemaddalenagrassi.it\\\/wp-content\\\/uploads\\\/2024\\\/10\\\/DSC_0947-scaled.jpg&quot;},{&quot;id&quot;:7601,&quot;url&quot;:&quot;https:\\\/\\\/www.fondazionemaddalenagrassi.it\\\/wp-content\\\/uploads\\\/2024\\\/10\\\/DSC_0939.jpg&quot;},{&quot;id&quot;:7604,&quot;url&quot;:&quot;https:\\\/\\\/www.fondazionemaddalenagrassi.it\\\/wp-content\\\/uploads\\\/2024\\\/10\\\/DSC_0910-scaled.jpg&quot;},{&quot;id&quot;:7610,&quot;url&quot;:&quot;https:\\\/\\\/www.fondazionemaddalenagrassi.it\\\/wp-content\\\/uploads\\\/2024\\\/10\\\/Copia-di-SEVESO_VILLA.jpg&quot;},{&quot;id&quot;:7613,&quot;url&quot;:&quot;https:\\\/\\\/www.fondazionemaddalenagrassi.it\\\/wp-content\\\/uploads\\\/2024\\\/10\\\/DSC_1096-scaled.jpg&quot;},{&quot;id&quot;:7628,&quot;url&quot;:&quot;https:\\\/\\\/www.fondazionemaddalenagrassi.it\\\/wp-content\\\/uploads\\\/2024\\\/10\\\/DSC_1015-scaled.jpg&quot;},{&quot;id&quot;:7637,&quot;url&quot;:&quot;https:\\\/\\\/www.fondazionemaddalenagrassi.it\\\/wp-content\\\/uploads\\\/2024\\\/10\\\/DSC_0924.jpg&quot;}],&quot;background_slideshow_loop&quot;:&quot;yes&quot;,&quot;background_slideshow_slide_duration&quot;:5000,&quot;background_slideshow_slide_transition&quot;:&quot;fade&quot;,&quot;background_slideshow_transition_duration&quot;:500,&quot;background_motion_fx_devices&quot;:[&quot;desktop&quot;,&quot;tablet&quot;,&quot;mobile&quot;]}\">\n\t\t\t\t\t<div class=\"e-con-inner\">\n\t\t\t\t\t<\/div>\n\t\t\t\t<\/div>\n\t\t\t\t<\/div>\n\t\t<div class=\"elementor-element elementor-element-477a4f78 e-flex e-con-boxed e-con e-parent\" data-id=\"477a4f78\" data-element_type=\"container\" data-e-type=\"container\" data-settings=\"{&quot;background_background&quot;:&quot;classic&quot;}\">\n\t\t\t\t\t<div class=\"e-con-inner\">\n\t\t\t\t\t<\/div>\n\t\t\t\t<\/div>\n\t\t<div class=\"elementor-element elementor-element-66c91ed5 e-con-full e-flex e-con e-parent\" data-id=\"66c91ed5\" data-element_type=\"container\" data-e-type=\"container\" data-settings=\"{&quot;background_background&quot;:&quot;classic&quot;}\">\n\t\t<div class=\"elementor-element elementor-element-40ea202d e-con-full e-flex e-con e-child\" data-id=\"40ea202d\" data-element_type=\"container\" data-e-type=\"container\" data-settings=\"{&quot;background_background&quot;:&quot;gradient&quot;}\">\n\t\t\t\t<div class=\"elementor-element elementor-element-75526449 elementor-widget-tablet__width-inherit elementor-widget elementor-widget-heading\" data-id=\"75526449\" data-element_type=\"widget\" data-e-type=\"widget\" data-widget_type=\"heading.default\">\n\t\t\t\t<div class=\"elementor-widget-container\">\n\t\t\t\t\t<h1 class=\"elementor-heading-title elementor-size-default\">Seveso<\/h1>\t\t\t\t<\/div>\n\t\t\t\t<\/div>\n\t\t\t\t<div class=\"elementor-element elementor-element-815f769 elementor-widget__width-inherit elementor-widget-divider--view-line elementor-invisible elementor-widget elementor-widget-divider\" data-id=\"815f769\" data-element_type=\"widget\" data-e-type=\"widget\" data-settings=\"{&quot;_animation&quot;:&quot;fadeInLeft&quot;}\" data-widget_type=\"divider.default\">\n\t\t\t\t<div class=\"elementor-widget-container\">\n\t\t\t\t\t\t\t<div class=\"elementor-divider\">\n\t\t\t<span class=\"elementor-divider-separator\">\n\t\t\t\t\t\t<\/span>\n\t\t<\/div>\n\t\t\t\t\t\t<\/div>\n\t\t\t\t<\/div>\n\t\t\t\t<div class=\"elementor-element elementor-element-640cbf30 elementor-widget-tablet__width-inherit elementor-widget elementor-widget-text-editor\" data-id=\"640cbf30\" data-element_type=\"widget\" data-e-type=\"widget\" data-widget_type=\"text-editor.default\">\n\t\t\t\t<div class=\"elementor-widget-container\">\n\t\t\t\t\t\t\t\t\t<p><strong>DIRECCI\u00d3N<br \/><\/strong>Via Meredo 39,<strong> Baruccana di Seveso<\/strong><\/p>\n<p><strong>CONVENIO<br \/><\/strong>ATS Monza -Brianza<\/p>\n<p><strong>RELEVANCIA<br \/><\/strong>Segunda residencia m\u00e1s importante de Lombard\u00eda para personas afectadas por el VIH<\/p>\n<p><strong>SERVICIOS OFRECIDOS<\/strong><\/ p><\/p>\n<ul>\n<li>Inicio Alojamiento<\/li>\n<li>Cohousing<\/li>\n<\/ul>\n<p><strong>CAPACIDAD<\/strong><strong>\u00c0<\/strong><\/p>\n<p>< ul><\/p>\n<li>10 personas en acogimiento residencial<\/li>\n<li>2 personas en guarder\u00eda<\/li>\n<\/ul>\n<p><strong>APARTAMENTOS<\/strong><\/p>\n<p><strong >Primera unidad de vivienda:<\/strong><\/p>\n<ul>\n<li>6 apartamentos (4 habitaciones dobles, 2 habitaciones individuales)<\/li>\n<li>10 camas en total<\/li>\n<\/ul>\n<p>< p><strong><\/strong><strong>Segunda unidad de vivienda:<\/strong><\/p>\n<ul>\n<li>2 apartamentos (2 habitaciones dobles)<\/li>\n<li>4 camas en total<\/li >\n<li>li><\/ul>\n\t\t\t\t\t\t\t\t<\/div>\n\t\t\t\t<\/div>\n\t\t\t\t<div class=\"elementor-element elementor-element-6311bbc2 elementor-widget elementor-widget-image\" data-id=\"6311bbc2\" data-element_type=\"widget\" data-e-type=\"widget\" data-widget_type=\"image.default\">\n\t\t\t\t<div class=\"elementor-widget-container\">\n\t\t\t\t\t\t\t\t\t\t\t\t\t\t\t<img fetchpriority=\"high\" decoding=\"async\" width=\"800\" height=\"534\" src=\"https:\/\/www.fondazionemaddalenagrassi.it\/wp-content\/uploads\/2024\/07\/DSC_0960-1024x683.jpg\" class=\"attachment-large size-large wp-image-3574\" alt=\"\" srcset=\"https:\/\/www.fondazionemaddalenagrassi.it\/wp-content\/uploads\/2024\/07\/DSC_0960-1024x683.jpg 1024w, https:\/\/www.fondazionemaddalenagrassi.it\/wp-content\/uploads\/2024\/07\/DSC_0960-300x200.jpg 300w, https:\/\/www.fondazionemaddalenagrassi.it\/wp-content\/uploads\/2024\/07\/DSC_0960-768x512.jpg 768w, https:\/\/www.fondazionemaddalenagrassi.it\/wp-content\/uploads\/2024\/07\/DSC_0960-1536x1024.jpg 1536w, https:\/\/www.fondazionemaddalenagrassi.it\/wp-content\/uploads\/2024\/07\/DSC_0960-2048x1365.jpg 2048w\" sizes=\"(max-width: 800px) 100vw, 800px\" \/>\t\t\t\t\t\t\t\t\t\t\t\t\t\t\t<\/div>\n\t\t\t\t<\/div>\n\t\t\t\t<\/div>\n\t\t<div class=\"elementor-element elementor-element-375340fe e-con-full e-flex e-con e-child\" data-id=\"375340fe\" data-element_type=\"container\" data-e-type=\"container\">\n\t\t\t\t<div class=\"elementor-element elementor-element-1459d590 elementor-widget elementor-widget-text-editor\" data-id=\"1459d590\" data-element_type=\"widget\" data-e-type=\"widget\" data-widget_type=\"text-editor.default\">\n\t\t\t\t<div class=\"elementor-widget-container\">\n\t\t\t\t\t\t\t\t\t<p>La residencia de cuidados intensivos est\u00e1 situada en Baruccana di Seveso, en via Meredo 39. Acoge a 10 personas en r\u00e9gimen residencial y a 2 personas en r\u00e9gimen diurno. Tiene un convenio con la ATS de Monza-Brianza.<\/p>\n<p><strong>Hoy es la segunda residencia m\u00e1s importante de Lombard\u00eda para personas afectadas por el VIH.<\/strong><\/p>\n<p>Inaugurada en <strong>1994<\/strong>, ofrece servicios de <strong><u>Home Accommodation<\/u><\/strong> y <strong><u>Cohousing<\/u><\/strong><u>.<\/ u><\/strong> u><\/p>\n<p>Incluye <strong>2 unidades residenciales<\/strong>.<\/p>\n<p>En la primera unidad:<\/p>\n<ul>\n<li> <strong>6 apartamentos (4 habitaciones dobles y 2 habitaciones individuales)<\/strong><\/li>\n<li><strong>10 camas en total<\/strong><\/li>\n<\/ul>\n<p>En el segundo unidad:<strong style=\"text -align: var(--text-align); color de fondo: var( --e-global-color-1ea99a7 ); color: var( --e-global-color-text );\">\u00a0<\/strong> <\/p>\n<ul>\n<li><strong>2 apartamentos (2 habitaciones dobles)<\/strong><\/li>\n<li><strong>4 camas en total<\/strong> <\/li>\n<\/ul>\n<p><strong><\/strong><\/p>\n<h5><strong>HISTORIA DE LA ESTRUCTURA<\/strong><\/h5>\n<p>La Casa di Seveso fue <strong >la<\/strong> <strong >primera estructura<\/strong> adquirida por la Fundaci\u00f3n Maddalena Grassi, gracias a la generosa donaci\u00f3n de los esposos Mario y Gina Zarpellon.<\/p>\n<h5><strong>LA DONACI\u00d3N<\/strong> <\/h5>\n<p>El encuentro entre la Fundaci\u00f3n y los esposos se produce en <strong>1992<\/strong>, a\u00f1o en el que deciden retirarse de la casa y continuar de alguna manera la obra de providencia que hab\u00eda les permiti\u00f3 acoger en esa misma casa a una veintena de menores en r\u00e9gimen de acogida.<\/p>\n<h5><strong>EL PROYECTO<\/strong><\/h5>\n<p>La idea que nace es adaptar el edificio para acoger <strong>personas afectadas por el VIH<\/strong>. Se inici\u00f3 entonces el proceso para conseguir la acreditaci\u00f3n de la estructura y el <strong>10 de febrero de 1994<\/strong> finalmente se dio la bienvenida al primer hu\u00e9sped.<\/p>\n<h5><strong>LA RENOVACI\u00d3N<\/strong><\/strong> h5 ><\/p>\n<p>En <strong>2013<\/strong> la casa fue <strong>reformada<\/strong>: se construyeron dos nuevos apartamentos, se levant\u00f3 el edificio y se instal\u00f3 el ascensor.<\/p>\n<p>En <strong> >2014<\/strong> se inauguran los nuevos <strong>apartamentos.<\/strong><\/p>\n<h5><strong>\u00a0<\/strong><strong>LA CAPILLA<\/strong><\/h5>\n<p >En <strong>2023<\/strong> se construir\u00e1 la <strong>capilla<\/strong>, aprovechando el espacio originalmente destinado al garaje.<\/p>\n\t\t\t\t\t\t\t\t<\/div>\n\t\t\t\t<\/div>\n\t\t<div class=\"elementor-element elementor-element-fc11376 e-con-full e-flex e-con e-child\" data-id=\"fc11376\" data-element_type=\"container\" data-e-type=\"container\">\n\t\t<div class=\"elementor-element elementor-element-81370bb e-con-full e-flex e-con e-child\" data-id=\"81370bb\" data-element_type=\"container\" data-e-type=\"container\">\n\t\t\t\t<\/div>\n\t\t<div class=\"elementor-element elementor-element-b4d76c8 e-con-full e-flex e-con e-child\" data-id=\"b4d76c8\" data-element_type=\"container\" data-e-type=\"container\">\n\t\t\t\t<div class=\"elementor-element elementor-element-5c7eabd1 elementor-position-inline-start elementor-mobile-position-inline-start elementor-widget__width-initial elementor-view-default elementor-invisible elementor-widget elementor-widget-icon-box\" data-id=\"5c7eabd1\" data-element_type=\"widget\" data-e-type=\"widget\" data-settings=\"{&quot;_animation&quot;:&quot;fadeInUp&quot;}\" data-widget_type=\"icon-box.default\">\n\t\t\t\t<div class=\"elementor-widget-container\">\n\t\t\t\t\t\t\t<div class=\"elementor-icon-box-wrapper\">\n\n\t\t\t\t\t\t<div class=\"elementor-icon-box-icon\">\n\t\t\t\t<span  class=\"elementor-icon\">\n\t\t\t\t<svg aria-hidden=\"true\" class=\"e-font-icon-svg e-fas-dot-circle\" viewBox=\"0 0 512 512\" xmlns=\"http:\/\/www.w3.org\/2000\/svg\"><path d=\"M256 8C119.033 8 8 119.033 8 256s111.033 248 248 248 248-111.033 248-248S392.967 8 256 8zm80 248c0 44.112-35.888 80-80 80s-80-35.888-80-80 35.888-80 80-80 80 35.888 80 80z\"><\/path><\/svg>\t\t\t\t<\/span>\n\t\t\t<\/div>\n\t\t\t\n\t\t\t\t\t\t<div class=\"elementor-icon-box-content\">\n\n\t\t\t\t\t\t\t\t\t<h6 class=\"elementor-icon-box-title\">\n\t\t\t\t\t\t<span  >\n\t\t\t\t\t\t\tLA ADQUISICI\u00d3N\t\t\t\t\t\t<\/span>\n\t\t\t\t\t<\/h6>\n\t\t\t\t\n\t\t\t\t\t\t\t\t\t<p class=\"elementor-icon-box-description\">\n\t\t\t\t\t\t<b>1992: <\/b>La casa de Seveso es donada a la Fundaci\u00f3n por los esposos Mario y Gina Zarpellon; es la primera estructura adquirida por la Fundaci\u00f3n Maddalena Grassi.\t\t\t\t\t<\/p>\n\t\t\t\t\n\t\t\t<\/div>\n\t\t\t\n\t\t<\/div>\n\t\t\t\t\t\t<\/div>\n\t\t\t\t<\/div>\n\t\t\t\t<div class=\"elementor-element elementor-element-3e3aa5c5 elementor-position-inline-end elementor-mobile-position-inline-start elementor-widget__width-initial elementor-widget-tablet__width-initial elementor-view-default elementor-invisible elementor-widget elementor-widget-icon-box\" data-id=\"3e3aa5c5\" data-element_type=\"widget\" data-e-type=\"widget\" data-settings=\"{&quot;_animation&quot;:&quot;fadeInUp&quot;}\" data-widget_type=\"icon-box.default\">\n\t\t\t\t<div class=\"elementor-widget-container\">\n\t\t\t\t\t\t\t<div class=\"elementor-icon-box-wrapper\">\n\n\t\t\t\t\t\t<div class=\"elementor-icon-box-icon\">\n\t\t\t\t<span  class=\"elementor-icon\">\n\t\t\t\t<svg aria-hidden=\"true\" class=\"e-font-icon-svg e-fas-dot-circle\" viewBox=\"0 0 512 512\" xmlns=\"http:\/\/www.w3.org\/2000\/svg\"><path d=\"M256 8C119.033 8 8 119.033 8 256s111.033 248 248 248 248-111.033 248-248S392.967 8 256 8zm80 248c0 44.112-35.888 80-80 80s-80-35.888-80-80 35.888-80 80-80 80 35.888 80 80z\"><\/path><\/svg>\t\t\t\t<\/span>\n\t\t\t<\/div>\n\t\t\t\n\t\t\t\t\t\t<div class=\"elementor-icon-box-content\">\n\n\t\t\t\t\t\t\t\t\t<h6 class=\"elementor-icon-box-title\">\n\t\t\t\t\t\t<span  >\n\t\t\t\t\t\t\tDONACI\u00d3N: UNA OBRA DE BIEN\t\t\t\t\t\t<\/span>\n\t\t\t\t\t<\/h6>\n\t\t\t\t\n\t\t\t\t\t\t\t\t\t<p class=\"elementor-icon-box-description\">\n\t\t\t\t\t\tEl matrimonio hab\u00eda decidido retirarse a la vida privada pero quer\u00eda continuar de alguna manera la obra de la providencia que les hab\u00eda permitido acoger en esa misma casa a una veintena de ni\u00f1os de acogida.\t\t\t\t\t<\/p>\n\t\t\t\t\n\t\t\t<\/div>\n\t\t\t\n\t\t<\/div>\n\t\t\t\t\t\t<\/div>\n\t\t\t\t<\/div>\n\t\t\t\t<div class=\"elementor-element elementor-element-117aca6c elementor-position-inline-start elementor-mobile-position-inline-start elementor-widget__width-initial elementor-view-default elementor-invisible elementor-widget elementor-widget-icon-box\" data-id=\"117aca6c\" data-element_type=\"widget\" data-e-type=\"widget\" data-settings=\"{&quot;_animation&quot;:&quot;fadeInUp&quot;}\" data-widget_type=\"icon-box.default\">\n\t\t\t\t<div class=\"elementor-widget-container\">\n\t\t\t\t\t\t\t<div class=\"elementor-icon-box-wrapper\">\n\n\t\t\t\t\t\t<div class=\"elementor-icon-box-icon\">\n\t\t\t\t<span  class=\"elementor-icon\">\n\t\t\t\t<svg aria-hidden=\"true\" class=\"e-font-icon-svg e-fas-dot-circle\" viewBox=\"0 0 512 512\" xmlns=\"http:\/\/www.w3.org\/2000\/svg\"><path d=\"M256 8C119.033 8 8 119.033 8 256s111.033 248 248 248 248-111.033 248-248S392.967 8 256 8zm80 248c0 44.112-35.888 80-80 80s-80-35.888-80-80 35.888-80 80-80 80 35.888 80 80z\"><\/path><\/svg>\t\t\t\t<\/span>\n\t\t\t<\/div>\n\t\t\t\n\t\t\t\t\t\t<div class=\"elementor-icon-box-content\">\n\n\t\t\t\t\t\t\t\t\t<h6 class=\"elementor-icon-box-title\">\n\t\t\t\t\t\t<span  >\n\t\t\t\t\t\t\tIL PROGETTO\t\t\t\t\t\t<\/span>\n\t\t\t\t\t<\/h6>\n\t\t\t\t\n\t\t\t\t\t\t\t\t\t<p class=\"elementor-icon-box-description\">\n\t\t\t\t\t\t- La Fundaci\u00f3n decide utilizar la casa para la acogida y atenci\u00f3n de personas afectadas por el VIH. Se inicia el proceso de obtenci\u00f3n de la acreditaci\u00f3n de la instalaci\u00f3n.\r\n<br>\r\n- 10 de febrero de 1994: se recibe al primer hu\u00e9sped.\t\t\t\t\t<\/p>\n\t\t\t\t\n\t\t\t<\/div>\n\t\t\t\n\t\t<\/div>\n\t\t\t\t\t\t<\/div>\n\t\t\t\t<\/div>\n\t\t\t\t<div class=\"elementor-element elementor-element-5c8512d4 elementor-position-inline-end elementor-mobile-position-inline-start elementor-widget__width-initial elementor-widget-tablet__width-initial elementor-view-default elementor-invisible elementor-widget elementor-widget-icon-box\" data-id=\"5c8512d4\" data-element_type=\"widget\" data-e-type=\"widget\" data-settings=\"{&quot;_animation&quot;:&quot;fadeInUp&quot;}\" data-widget_type=\"icon-box.default\">\n\t\t\t\t<div class=\"elementor-widget-container\">\n\t\t\t\t\t\t\t<div class=\"elementor-icon-box-wrapper\">\n\n\t\t\t\t\t\t<div class=\"elementor-icon-box-icon\">\n\t\t\t\t<span  class=\"elementor-icon\">\n\t\t\t\t<svg aria-hidden=\"true\" class=\"e-font-icon-svg e-fas-dot-circle\" viewBox=\"0 0 512 512\" xmlns=\"http:\/\/www.w3.org\/2000\/svg\"><path d=\"M256 8C119.033 8 8 119.033 8 256s111.033 248 248 248 248-111.033 248-248S392.967 8 256 8zm80 248c0 44.112-35.888 80-80 80s-80-35.888-80-80 35.888-80 80-80 80 35.888 80 80z\"><\/path><\/svg>\t\t\t\t<\/span>\n\t\t\t<\/div>\n\t\t\t\n\t\t\t\t\t\t<div class=\"elementor-icon-box-content\">\n\n\t\t\t\t\t\t\t\t\t<h6 class=\"elementor-icon-box-title\">\n\t\t\t\t\t\t<span  >\n\t\t\t\t\t\t\tLA REHABILITACI\u00d3N\t\t\t\t\t\t<\/span>\n\t\t\t\t\t<\/h6>\n\t\t\t\t\n\t\t\t\t\t\t\t\t\t<p class=\"elementor-icon-box-description\">\n\t\t\t\t\t\t<b>2013:<\/b> Construcci\u00f3n de dos nuevos apartamentos e instalaci\u00f3n del ascensor.\r\n<br><br>\r\n<b>2014:<\/b> Inauguraci\u00f3n de los nuevos apartamentos\r\n<br><br>\r\n<b>2023:<\/b> Construcci\u00f3n de la capilla, aprovechando el espacio originalmente destinado al garaje.\t\t\t\t\t<\/p>\n\t\t\t\t\n\t\t\t<\/div>\n\t\t\t\n\t\t<\/div>\n\t\t\t\t\t\t<\/div>\n\t\t\t\t<\/div>\n\t\t\t\t<\/div>\n\t\t\t\t<\/div>\n\t\t\t\t<\/div>\n\t\t\t\t<\/div>\n\t\t<div class=\"elementor-element elementor-element-7a0f64fa e-flex e-con-boxed e-con e-parent\" data-id=\"7a0f64fa\" data-element_type=\"container\" data-e-type=\"container\" data-settings=\"{&quot;background_background&quot;:&quot;classic&quot;}\">\n\t\t\t\t\t<div class=\"e-con-inner\">\n\t\t\t\t<div class=\"elementor-element elementor-element-704e6b6 elementor-widget elementor-widget-google_maps\" data-id=\"704e6b6\" data-element_type=\"widget\" data-e-type=\"widget\" data-widget_type=\"google_maps.default\">\n\t\t\t\t<div class=\"elementor-widget-container\">\n\t\t\t\t\t\t\t<div class=\"elementor-custom-embed\">\n\t\t\t<iframe loading=\"lazy\"\n\t\t\t\t\tsrc=\"https:\/\/maps.google.com\/maps?q=Fondazione%20Maddalena%20Grassi%20Via%20Meredo%2039%2C%20Baruccana%20di%20Seveso&#038;t=m&#038;z=14&#038;output=embed&#038;iwloc=near\"\n\t\t\t\t\ttitle=\"Fondazione Maddalena Grassi Via Meredo 39, Baruccana di Seveso\"\n\t\t\t\t\taria-label=\"Fondazione Maddalena Grassi Via Meredo 39, Baruccana di Seveso\"\n\t\t\t><\/iframe>\n\t\t<\/div>\n\t\t\t\t\t\t<\/div>\n\t\t\t\t<\/div>\n\t\t\t\t\t<\/div>\n\t\t\t\t<\/div>\n\t\t\t\t<\/div>\n\t\t","protected":false},"excerpt":{"rendered":"<p>Seveso DIRECCI\u00d3NVia Meredo 39, Baruccana di Seveso CONVENIOATS Monza -Brianza RELEVANCIASegunda residencia m\u00e1s importante de Lombard\u00eda para personas afectadas por el VIH SERVICIOS OFRECIDOS Inicio Alojamiento Cohousing CAPACIDAD\u00c0 < ul> [&hellip;]<\/p>\n","protected":false},"author":2,"featured_media":0,"parent":0,"menu_order":0,"comment_status":"closed","ping_status":"closed","template":"","meta":{"footnotes":""},"class_list":["post-4686","page","type-page","status-publish","hentry"],"yoast_head":"<!-- This site is optimized with the Yoast SEO plugin v27.4 - https:\/\/yoast.com\/product\/yoast-seo-wordpress\/ -->\n<title>Seveso - Fondazione Maddalena Grassi<\/title>\n<meta name=\"robots\" content=\"index, follow, max-snippet:-1, max-image-preview:large, max-video-preview:-1\" \/>\n<link rel=\"canonical\" href=\"https:\/\/www.fondazionemaddalenagrassi.it\/es\/seveso\/\" \/>\n<meta property=\"og:locale\" content=\"es_ES\" \/>\n<meta property=\"og:type\" content=\"article\" \/>\n<meta property=\"og:title\" content=\"Seveso - Fondazione Maddalena Grassi\" \/>\n<meta property=\"og:description\" content=\"Seveso DIRECCI\u00d3NVia Meredo 39, Baruccana di Seveso CONVENIOATS Monza -Brianza RELEVANCIASegunda residencia m\u00e1s importante de Lombard\u00eda para personas afectadas por el VIH SERVICIOS OFRECIDOS Inicio Alojamiento Cohousing CAPACIDAD\u00c0 &lt; ul&gt; [&hellip;]\" \/>\n<meta property=\"og:url\" content=\"https:\/\/www.fondazionemaddalenagrassi.it\/es\/seveso\/\" \/>\n<meta property=\"og:site_name\" content=\"Fondazione Maddalena Grassi\" \/>\n<meta property=\"article:publisher\" content=\"https:\/\/www.facebook.com\/FondazioneMaddalenaGrassi\" \/>\n<meta property=\"article:modified_time\" content=\"2024-10-09T21:08:09+00:00\" \/>\n<meta property=\"og:image\" content=\"https:\/\/www.fondazionemaddalenagrassi.it\/wp-content\/uploads\/2024\/07\/DSC_0960-scaled.jpg\" \/>\n\t<meta property=\"og:image:width\" content=\"2560\" \/>\n\t<meta property=\"og:image:height\" content=\"1707\" \/>\n\t<meta property=\"og:image:type\" content=\"image\/jpeg\" \/>\n<meta name=\"twitter:card\" content=\"summary_large_image\" \/>\n<meta name=\"twitter:label1\" content=\"Tiempo de lectura\" \/>\n\t<meta name=\"twitter:data1\" content=\"2 minutos\" \/>\n<script type=\"application\/ld+json\" class=\"yoast-schema-graph\">{\"@context\":\"https:\\\/\\\/schema.org\",\"@graph\":[{\"@type\":\"WebPage\",\"@id\":\"https:\\\/\\\/www.fondazionemaddalenagrassi.it\\\/es\\\/seveso\\\/\",\"url\":\"https:\\\/\\\/www.fondazionemaddalenagrassi.it\\\/es\\\/seveso\\\/\",\"name\":\"Seveso - Fondazione Maddalena Grassi\",\"isPartOf\":{\"@id\":\"https:\\\/\\\/www.fondazionemaddalenagrassi.it\\\/es\\\/#website\"},\"primaryImageOfPage\":{\"@id\":\"https:\\\/\\\/www.fondazionemaddalenagrassi.it\\\/es\\\/seveso\\\/#primaryimage\"},\"image\":{\"@id\":\"https:\\\/\\\/www.fondazionemaddalenagrassi.it\\\/es\\\/seveso\\\/#primaryimage\"},\"thumbnailUrl\":\"https:\\\/\\\/www.fondazionemaddalenagrassi.it\\\/wp-content\\\/uploads\\\/2024\\\/07\\\/DSC_0960-1024x683.jpg\",\"datePublished\":\"2024-07-01T07:58:48+00:00\",\"dateModified\":\"2024-10-09T21:08:09+00:00\",\"breadcrumb\":{\"@id\":\"https:\\\/\\\/www.fondazionemaddalenagrassi.it\\\/es\\\/seveso\\\/#breadcrumb\"},\"inLanguage\":\"es\",\"potentialAction\":[{\"@type\":\"ReadAction\",\"target\":[\"https:\\\/\\\/www.fondazionemaddalenagrassi.it\\\/es\\\/seveso\\\/\"]}]},{\"@type\":\"ImageObject\",\"inLanguage\":\"es\",\"@id\":\"https:\\\/\\\/www.fondazionemaddalenagrassi.it\\\/es\\\/seveso\\\/#primaryimage\",\"url\":\"https:\\\/\\\/www.fondazionemaddalenagrassi.it\\\/wp-content\\\/uploads\\\/2024\\\/07\\\/DSC_0960-1024x683.jpg\",\"contentUrl\":\"https:\\\/\\\/www.fondazionemaddalenagrassi.it\\\/wp-content\\\/uploads\\\/2024\\\/07\\\/DSC_0960-1024x683.jpg\"},{\"@type\":\"BreadcrumbList\",\"@id\":\"https:\\\/\\\/www.fondazionemaddalenagrassi.it\\\/es\\\/seveso\\\/#breadcrumb\",\"itemListElement\":[{\"@type\":\"ListItem\",\"position\":1,\"name\":\"Home\",\"item\":\"https:\\\/\\\/www.fondazionemaddalenagrassi.it\\\/es\\\/\"},{\"@type\":\"ListItem\",\"position\":2,\"name\":\"Seveso\"}]},{\"@type\":\"WebSite\",\"@id\":\"https:\\\/\\\/www.fondazionemaddalenagrassi.it\\\/es\\\/#website\",\"url\":\"https:\\\/\\\/www.fondazionemaddalenagrassi.it\\\/es\\\/\",\"name\":\"Fondazione Maddalena Grassi\",\"description\":\"Ente senza scopo di lucro che opera nel campo dell\u2019assistenza sanitaria, domiciliare e residenziale.\",\"publisher\":{\"@id\":\"https:\\\/\\\/www.fondazionemaddalenagrassi.it\\\/es\\\/#organization\"},\"potentialAction\":[{\"@type\":\"SearchAction\",\"target\":{\"@type\":\"EntryPoint\",\"urlTemplate\":\"https:\\\/\\\/www.fondazionemaddalenagrassi.it\\\/es\\\/?s={search_term_string}\"},\"query-input\":{\"@type\":\"PropertyValueSpecification\",\"valueRequired\":true,\"valueName\":\"search_term_string\"}}],\"inLanguage\":\"es\"},{\"@type\":\"Organization\",\"@id\":\"https:\\\/\\\/www.fondazionemaddalenagrassi.it\\\/es\\\/#organization\",\"name\":\"Fondazione Maddalena Grassi\",\"url\":\"https:\\\/\\\/www.fondazionemaddalenagrassi.it\\\/es\\\/\",\"logo\":{\"@type\":\"ImageObject\",\"inLanguage\":\"es\",\"@id\":\"https:\\\/\\\/www.fondazionemaddalenagrassi.it\\\/es\\\/#\\\/schema\\\/logo\\\/image\\\/\",\"url\":\"https:\\\/\\\/www.fondazionemaddalenagrassi.it\\\/wp-content\\\/uploads\\\/2024\\\/05\\\/fondazione-maddalena-grassi-logo.png\",\"contentUrl\":\"https:\\\/\\\/www.fondazionemaddalenagrassi.it\\\/wp-content\\\/uploads\\\/2024\\\/05\\\/fondazione-maddalena-grassi-logo.png\",\"width\":1417,\"height\":1417,\"caption\":\"Fondazione Maddalena Grassi\"},\"image\":{\"@id\":\"https:\\\/\\\/www.fondazionemaddalenagrassi.it\\\/es\\\/#\\\/schema\\\/logo\\\/image\\\/\"},\"sameAs\":[\"https:\\\/\\\/www.facebook.com\\\/FondazioneMaddalenaGrassi\",\"https:\\\/\\\/www.instagram.com\\\/fondazionemaddalenagrassi\\\/\",\"https:\\\/\\\/www.linkedin.com\\\/company\\\/fondazione-maddalena-grassi\\\/?originalSubdomain=it\"]}]}<\/script>\n<!-- \/ Yoast SEO plugin. -->","yoast_head_json":{"title":"Seveso - Fondazione Maddalena Grassi","robots":{"index":"index","follow":"follow","max-snippet":"max-snippet:-1","max-image-preview":"max-image-preview:large","max-video-preview":"max-video-preview:-1"},"canonical":"https:\/\/www.fondazionemaddalenagrassi.it\/es\/seveso\/","og_locale":"es_ES","og_type":"article","og_title":"Seveso - Fondazione Maddalena Grassi","og_description":"Seveso DIRECCI\u00d3NVia Meredo 39, Baruccana di Seveso CONVENIOATS Monza -Brianza RELEVANCIASegunda residencia m\u00e1s importante de Lombard\u00eda para personas afectadas por el VIH SERVICIOS OFRECIDOS Inicio Alojamiento Cohousing CAPACIDAD\u00c0 < ul> [&hellip;]","og_url":"https:\/\/www.fondazionemaddalenagrassi.it\/es\/seveso\/","og_site_name":"Fondazione Maddalena Grassi","article_publisher":"https:\/\/www.facebook.com\/FondazioneMaddalenaGrassi","article_modified_time":"2024-10-09T21:08:09+00:00","og_image":[{"width":2560,"height":1707,"url":"https:\/\/www.fondazionemaddalenagrassi.it\/wp-content\/uploads\/2024\/07\/DSC_0960-scaled.jpg","type":"image\/jpeg"}],"twitter_card":"summary_large_image","twitter_misc":{"Tiempo de lectura":"2 minutos"},"schema":{"@context":"https:\/\/schema.org","@graph":[{"@type":"WebPage","@id":"https:\/\/www.fondazionemaddalenagrassi.it\/es\/seveso\/","url":"https:\/\/www.fondazionemaddalenagrassi.it\/es\/seveso\/","name":"Seveso - Fondazione Maddalena Grassi","isPartOf":{"@id":"https:\/\/www.fondazionemaddalenagrassi.it\/es\/#website"},"primaryImageOfPage":{"@id":"https:\/\/www.fondazionemaddalenagrassi.it\/es\/seveso\/#primaryimage"},"image":{"@id":"https:\/\/www.fondazionemaddalenagrassi.it\/es\/seveso\/#primaryimage"},"thumbnailUrl":"https:\/\/www.fondazionemaddalenagrassi.it\/wp-content\/uploads\/2024\/07\/DSC_0960-1024x683.jpg","datePublished":"2024-07-01T07:58:48+00:00","dateModified":"2024-10-09T21:08:09+00:00","breadcrumb":{"@id":"https:\/\/www.fondazionemaddalenagrassi.it\/es\/seveso\/#breadcrumb"},"inLanguage":"es","potentialAction":[{"@type":"ReadAction","target":["https:\/\/www.fondazionemaddalenagrassi.it\/es\/seveso\/"]}]},{"@type":"ImageObject","inLanguage":"es","@id":"https:\/\/www.fondazionemaddalenagrassi.it\/es\/seveso\/#primaryimage","url":"https:\/\/www.fondazionemaddalenagrassi.it\/wp-content\/uploads\/2024\/07\/DSC_0960-1024x683.jpg","contentUrl":"https:\/\/www.fondazionemaddalenagrassi.it\/wp-content\/uploads\/2024\/07\/DSC_0960-1024x683.jpg"},{"@type":"BreadcrumbList","@id":"https:\/\/www.fondazionemaddalenagrassi.it\/es\/seveso\/#breadcrumb","itemListElement":[{"@type":"ListItem","position":1,"name":"Home","item":"https:\/\/www.fondazionemaddalenagrassi.it\/es\/"},{"@type":"ListItem","position":2,"name":"Seveso"}]},{"@type":"WebSite","@id":"https:\/\/www.fondazionemaddalenagrassi.it\/es\/#website","url":"https:\/\/www.fondazionemaddalenagrassi.it\/es\/","name":"Fondazione Maddalena Grassi","description":"Ente senza scopo di lucro che opera nel campo dell\u2019assistenza sanitaria, domiciliare e residenziale.","publisher":{"@id":"https:\/\/www.fondazionemaddalenagrassi.it\/es\/#organization"},"potentialAction":[{"@type":"SearchAction","target":{"@type":"EntryPoint","urlTemplate":"https:\/\/www.fondazionemaddalenagrassi.it\/es\/?s={search_term_string}"},"query-input":{"@type":"PropertyValueSpecification","valueRequired":true,"valueName":"search_term_string"}}],"inLanguage":"es"},{"@type":"Organization","@id":"https:\/\/www.fondazionemaddalenagrassi.it\/es\/#organization","name":"Fondazione Maddalena Grassi","url":"https:\/\/www.fondazionemaddalenagrassi.it\/es\/","logo":{"@type":"ImageObject","inLanguage":"es","@id":"https:\/\/www.fondazionemaddalenagrassi.it\/es\/#\/schema\/logo\/image\/","url":"https:\/\/www.fondazionemaddalenagrassi.it\/wp-content\/uploads\/2024\/05\/fondazione-maddalena-grassi-logo.png","contentUrl":"https:\/\/www.fondazionemaddalenagrassi.it\/wp-content\/uploads\/2024\/05\/fondazione-maddalena-grassi-logo.png","width":1417,"height":1417,"caption":"Fondazione Maddalena Grassi"},"image":{"@id":"https:\/\/www.fondazionemaddalenagrassi.it\/es\/#\/schema\/logo\/image\/"},"sameAs":["https:\/\/www.facebook.com\/FondazioneMaddalenaGrassi","https:\/\/www.instagram.com\/fondazionemaddalenagrassi\/","https:\/\/www.linkedin.com\/company\/fondazione-maddalena-grassi\/?originalSubdomain=it"]}]}},"_links":{"self":[{"href":"https:\/\/www.fondazionemaddalenagrassi.it\/es\/wp-json\/wp\/v2\/pages\/4686","targetHints":{"allow":["GET"]}}],"collection":[{"href":"https:\/\/www.fondazionemaddalenagrassi.it\/es\/wp-json\/wp\/v2\/pages"}],"about":[{"href":"https:\/\/www.fondazionemaddalenagrassi.it\/es\/wp-json\/wp\/v2\/types\/page"}],"author":[{"embeddable":true,"href":"https:\/\/www.fondazionemaddalenagrassi.it\/es\/wp-json\/wp\/v2\/users\/2"}],"replies":[{"embeddable":true,"href":"https:\/\/www.fondazionemaddalenagrassi.it\/es\/wp-json\/wp\/v2\/comments?post=4686"}],"version-history":[{"count":4,"href":"https:\/\/www.fondazionemaddalenagrassi.it\/es\/wp-json\/wp\/v2\/pages\/4686\/revisions"}],"predecessor-version":[{"id":7650,"href":"https:\/\/www.fondazionemaddalenagrassi.it\/es\/wp-json\/wp\/v2\/pages\/4686\/revisions\/7650"}],"wp:attachment":[{"href":"https:\/\/www.fondazionemaddalenagrassi.it\/es\/wp-json\/wp\/v2\/media?parent=4686"}],"curies":[{"name":"wp","href":"https:\/\/api.w.org\/{rel}","templated":true}]}}